{"id":115,"date":"2021-01-22T18:13:32","date_gmt":"2021-01-22T17:13:32","guid":{"rendered":"http:\/\/saracabello.fr\/?page_id=115"},"modified":"2024-09-16T09:50:28","modified_gmt":"2024-09-16T07:50:28","slug":"coaching-individuel","status":"publish","type":"page","link":"https:\/\/saracabello.fr\/?page_id=115","title":{"rendered":"Chacun de nous est unique"},"content":{"rendered":"\n<figure class=\"wp-block-image alignright size-large is-resized\"><img data-recalc-dims=\"1\" loading=\"lazy\" decoding=\"async\" width=\"640\" height=\"501\" src=\"https:\/\/i0.wp.com\/saracabello.fr\/wp-content\/uploads\/2021\/06\/balloon-3206530_640.jpg?resize=640%2C501&#038;ssl=1\" alt=\"\" class=\"wp-image-227\" style=\"width:498px;height:auto\" srcset=\"https:\/\/i0.wp.com\/saracabello.fr\/wp-content\/uploads\/2021\/06\/balloon-3206530_640.jpg?w=640&amp;ssl=1 640w, https:\/\/i0.wp.com\/saracabello.fr\/wp-content\/uploads\/2021\/06\/balloon-3206530_640.jpg?resize=300%2C235&amp;ssl=1 300w, https:\/\/i0.wp.com\/saracabello.fr\/wp-content\/uploads\/2021\/06\/balloon-3206530_640.jpg?resize=230%2C180&amp;ssl=1 230w, https:\/\/i0.wp.com\/saracabello.fr\/wp-content\/uploads\/2021\/06\/balloon-3206530_640.jpg?resize=350%2C274&amp;ssl=1 350w, https:\/\/i0.wp.com\/saracabello.fr\/wp-content\/uploads\/2021\/06\/balloon-3206530_640.jpg?resize=480%2C376&amp;ssl=1 480w\" sizes=\"(max-width: 640px) 100vw, 640px\" \/><\/figure>\n\n\n\n<h2 class=\"wp-block-heading has-medium-font-size\">Et m\u00e9rite d&rsquo;\u00eatre \u00e9cout\u00e9 <\/h2>\n\n\n\n<p>Aujourd&rsquo;hui votre changement commence. Pr\u00eat \u00e0 travailler pour vous sentir mieux ?<\/p>\n\n\n\n<p>J&rsquo;ai d\u00e9velopp\u00e9 une technique unique de part ma double comp\u00e9tence de psychoth\u00e9rapie et de coaching. <\/p>\n\n\n\n<h4 class=\"wp-block-heading\">Ensemble, travaillons sur les sources de votre mal-\u00eatre afin :<\/h4>\n\n\n\n<ul class=\"wp-block-list\">\n<li>d&rsquo;avoir une meilleure <strong>confiance en vous<\/strong><\/li>\n\n\n\n<li>de <strong>r\u00e9duire<\/strong> votre anxi\u00e9t\u00e9, votre stress<\/li>\n\n\n\n<li>d&rsquo;am\u00e9liorer <strong>votre humeur<\/strong><\/li>\n\n\n\n<li>d&rsquo;en<strong> finir avec les relations toxiques<\/strong><\/li>\n\n\n\n<li>d&rsquo;apprendre \u00e0<strong> g\u00e9rer vos \u00e9motions<\/strong><\/li>\n\n\n\n<li>de <strong>construire des relations saines<\/strong> et satisfaisantes<\/li>\n\n\n\n<li>de <strong>vivre<\/strong> une <strong>vie authentique<\/strong><\/li>\n<\/ul>\n\n\n\n<div class=\"wp-block-buttons is-layout-flex wp-block-buttons-is-layout-flex\">\n<div class=\"wp-block-button\"><a class=\"wp-block-button__link wp-element-button\" href=\"https:\/\/saracabello.fr\/?page_id=90\">Contactez moi pour en savoir plus<\/a><\/div>\n<\/div>\n\n\n\n<ul class=\"wp-block-list\">\n<li><strong>Mes valeurs&nbsp;:<\/strong><\/li>\n<\/ul>\n\n\n\n<p>L\u2019int\u00e9grit\u00e9, le respect, l\u2019honn\u00eatet\u00e9, la confiance aux autres et \u00e0 la vie.<\/p>\n\n\n\n<ul class=\"wp-block-list\">\n<li><strong>Charte-D\u00e9ontologie<\/strong><\/li>\n<\/ul>\n\n\n\n<p>Confidentialit\u00e9, respect des valeurs et des objectifs de mon client, formation continue.<\/p>\n\n\n\n<p>Les besoins&nbsp;:<\/p>\n\n\n\n<ul class=\"wp-block-list\">\n<li>Relations de couple<\/li>\n\n\n\n<li>Relations familiales<\/li>\n\n\n\n<li>Probl\u00e9matique relations professionnelles<\/li>\n\n\n\n<li>Rupture<\/li>\n\n\n\n<li>Licenciement<\/li>\n\n\n\n<li>Changement professionnel<\/li>\n\n\n\n<li>Burn-out<\/li>\n<\/ul>\n\n\n\n<div class=\"wp-block-buttons is-layout-flex wp-block-buttons-is-layout-flex\">\n<div class=\"wp-block-button\"><a class=\"wp-block-button__link wp-element-button\" href=\"https:\/\/saracabello.fr\/?page_id=90\">Parlons-en ensemble<\/a><\/div>\n<\/div>\n\n\n\n<p>Effectuer une th\u00e9rapie avec un expert en th\u00e9rapie en ligne peut \u00eatre tr\u00e8s avantageux car cela vous permet d&rsquo;acc\u00e9der \u00e0 la th\u00e9rapie de n&rsquo;importe o\u00f9 dans le monde, en s&rsquo;adaptant \u00e0 vos besoins et \u00e0 vos horaires, en recevant des soins psychologiques de la m\u00eame qualit\u00e9 qu&rsquo;en pr\u00e9sentiel.<\/p>\n\n\n\n<p>J&rsquo;ai une grande exp\u00e9rience et professionnalisme en tant que psycho-praticienne en th\u00e9rapie en ligne, toujours avec des garanties de s\u00e9curit\u00e9 et de confidentialit\u00e9.<\/p>\n\n\n\n<p>La psychologie en ligne est une alternative forte pour les personnes \u00e0 mobilit\u00e9 r\u00e9duite, manquant de temps ou \u00e0 grande mobilit\u00e9 g\u00e9ographique. La th\u00e9rapie en ligne est une tendance croissante, adapt\u00e9e aux nouvelles exigences de la soci\u00e9t\u00e9 puisqu&rsquo;il s&rsquo;agit d&rsquo;une th\u00e9rapie plus accessible, plus confortable, sans d\u00e9placement, qui ne n\u00e9cessite pas de consultation en personne. De plus, la psychologie en ligne depuis l\u2019apparition du Covid-19 est la m\u00e9thode de psychoth\u00e9rapie la plus recommand\u00e9e.<\/p>\n\n\n\n<p>Aussi simple que de r\u00e9server votre s\u00e9ance en ligne dans votre agenda, vous pourrez avoir votre th\u00e9rapeute expert en ligne \u00e0 la date et \u00e0 l&rsquo;heure choisies.<\/p>\n","protected":false},"excerpt":{"rendered":"<p>Et m\u00e9rite d&rsquo;\u00eatre \u00e9cout\u00e9 Aujourd&rsquo;hui votre changement commence. Pr\u00eat \u00e0 travailler pour vous sentir mieux ? J&rsquo;ai d\u00e9velopp\u00e9 une technique unique de [&hellip;]<\/p>\n","protected":false},"author":1,"featured_media":227,"parent":0,"menu_order":0,"comment_status":"open","ping_status":"closed","template":"","meta":{"jetpack_post_was_ever_published":false,"footnotes":""},"class_list":["post-115","page","type-page","status-publish","has-post-thumbnail","hentry"],"jetpack_sharing_enabled":true,"jetpack_likes_enabled":true,"jetpack-related-posts":[],"_links":{"self":[{"href":"https:\/\/saracabello.fr\/index.php?rest_route=\/wp\/v2\/pages\/115"}],"collection":[{"href":"https:\/\/saracabello.fr\/index.php?rest_route=\/wp\/v2\/pages"}],"about":[{"href":"https:\/\/saracabello.fr\/index.php?rest_route=\/wp\/v2\/types\/page"}],"author":[{"embeddable":true,"href":"https:\/\/saracabello.fr\/index.php?rest_route=\/wp\/v2\/users\/1"}],"replies":[{"embeddable":true,"href":"https:\/\/saracabello.fr\/index.php?rest_route=%2Fwp%2Fv2%2Fcomments&post=115"}],"version-history":[{"count":34,"href":"https:\/\/saracabello.fr\/index.php?rest_route=\/wp\/v2\/pages\/115\/revisions"}],"predecessor-version":[{"id":2528,"href":"https:\/\/saracabello.fr\/index.php?rest_route=\/wp\/v2\/pages\/115\/revisions\/2528"}],"wp:featuredmedia":[{"embeddable":true,"href":"https:\/\/saracabello.fr\/index.php?rest_route=\/wp\/v2\/media\/227"}],"wp:attachment":[{"href":"https:\/\/saracabello.fr\/index.php?rest_route=%2Fwp%2Fv2%2Fmedia&parent=115"}],"curies":[{"name":"wp","href":"https:\/\/api.w.org\/{rel}","templated":true}]}}